{"id":27102,"date":"2022-12-19T07:20:57","date_gmt":"2022-12-19T07:20:57","guid":{"rendered":"https:\/\/dev.fiamitalia.it\/vittorio-livi-lidea\/"},"modified":"2024-07-16T07:32:41","modified_gmt":"2024-07-16T07:32:41","slug":"vittorio-livi-lidee","status":"publish","type":"page","link":"https:\/\/www.fiamitalia.it\/fr\/vittorio-livi-lidee\/","title":{"rendered":"Vittorio Livi, l\u2019id\u00e9e"},"content":{"rendered":"\t\t<div data-elementor-type=\"wp-page\" data-elementor-id=\"27102\" class=\"elementor elementor-27102 elementor-279\" data-elementor-post-type=\"page\">\n\t\t\t\t\t\t<section class=\"elementor-section elementor-top-section elementor-element elementor-element-bb743ad elementor-section-height-min-height elementor-section-items-top elementor-section-boxed elementor-section-height-default\" data-id=\"bb743ad\" data-element_type=\"section\" data-settings=\"{&quot;background_background&quot;:&quot;classic&quot;}\">\n\t\t\t\t\t\t<div class=\"elementor-container elementor-column-gap-default\">\n\t\t\t\t\t<div class=\"elementor-column elementor-col-100 elementor-top-column elementor-element elementor-element-6fbd700\" data-id=\"6fbd700\" data-element_type=\"column\">\n\t\t\t<div class=\"elementor-widget-wrap elementor-element-populated\">\n\t\t\t\t\t\t<div class=\"elementor-element elementor-element-41bd0a1 elementor-widget elementor-widget-heading\" data-id=\"41bd0a1\" data-element_type=\"widget\" data-widget_type=\"heading.default\">\n\t\t\t\t<div class=\"elementor-widget-container\">\n\t\t\t\t\t<h1 class=\"elementor-heading-title elementor-size-default\">Vittorio Livi, l\u2019id\u00e9e<\/h1>\t\t\t\t<\/div>\n\t\t\t\t<\/div>\n\t\t\t\t\t<\/div>\n\t\t<\/div>\n\t\t\t\t\t<\/div>\n\t\t<\/section>\n\t\t\t\t<section class=\"elementor-section elementor-top-section elementor-element elementor-element-ce9c061 elementor-section-boxed elementor-section-height-default elementor-section-height-default\" data-id=\"ce9c061\" data-element_type=\"section\">\n\t\t\t\t\t\t<div class=\"elementor-container elementor-column-gap-default\">\n\t\t\t\t\t<div class=\"elementor-column elementor-col-100 elementor-top-column elementor-element elementor-element-e9c2894\" data-id=\"e9c2894\" data-element_type=\"column\">\n\t\t\t<div class=\"elementor-widget-wrap elementor-element-populated\">\n\t\t\t\t\t\t<div class=\"elementor-element elementor-element-e9bc5e4 elementor-widget elementor-widget-heading\" data-id=\"e9bc5e4\" data-element_type=\"widget\" data-widget_type=\"heading.default\">\n\t\t\t\t<div class=\"elementor-widget-container\">\n\t\t\t\t\t<h2 class=\"elementor-heading-title elementor-size-default\">\u00catre toujours curieux. <br>\u00catre passionn\u00e9s.<\/h2>\t\t\t\t<\/div>\n\t\t\t\t<\/div>\n\t\t\t\t\t<\/div>\n\t\t<\/div>\n\t\t\t\t\t<\/div>\n\t\t<\/section>\n\t\t\t\t<section class=\"elementor-section elementor-top-section elementor-element elementor-element-336cfc3 elementor-section-boxed elementor-section-height-default elementor-section-height-default\" data-id=\"336cfc3\" data-element_type=\"section\">\n\t\t\t\t\t\t<div class=\"elementor-container elementor-column-gap-default\">\n\t\t\t\t\t<div class=\"elementor-column elementor-col-100 elementor-top-column elementor-element elementor-element-5c57ae0\" data-id=\"5c57ae0\" data-element_type=\"column\">\n\t\t\t<div class=\"elementor-widget-wrap elementor-element-populated\">\n\t\t\t\t\t\t<div class=\"elementor-element elementor-element-702f483 elementor-widget elementor-widget-text-editor\" data-id=\"702f483\" data-element_type=\"widget\" data-widget_type=\"text-editor.default\">\n\t\t\t\t<div class=\"elementor-widget-container\">\n\t\t\t\t\t\t\t\t\t<p>Ne jamais s\u2019arr\u00eater aux apparences. Avoir la capacit\u00e9 de voir plus loin.<\/p><p><span style=\"color: var( --e-global-color-text ); font-family: var( --e-global-typography-text-font-family ), Sans-serif; font-size: var( --e-global-typography-text-font-size ); font-weight: var( --e-global-typography-text-font-weight ); letter-spacing: 0.03em; word-spacing: 0.07em;\">Et c\u2019est comme \u00e7a que tout est n\u00e9, d&rsquo;une intuition, d\u2019un d\u00e9fi, de l\u2019amour pour un mat\u00e9riau incroyable.<\/span><\/p><p><span style=\"color: var( --e-global-color-text ); font-family: var( --e-global-typography-text-font-family ), Sans-serif; font-size: var( --e-global-typography-text-font-size ); letter-spacing: 0.03em; word-spacing: 0.07em;\"><b>Le verre. <\/b><br \/><span style=\"font-weight: var( --e-global-typography-text-font-weight );\">Une mati\u00e8re qui plonge ses racines dans la nuit des temps.<\/span><br \/><\/span><span style=\"color: var( --e-global-color-text ); font-family: var( --e-global-typography-text-font-family ), Sans-serif; font-size: var( --e-global-typography-text-font-size ); font-weight: var( --e-global-typography-text-font-weight ); letter-spacing: 0.03em; word-spacing: 0.07em;\">Il vient de la terre mais il est transparent.<br \/><\/span><span style=\"color: var( --e-global-color-text ); font-family: var( --e-global-typography-text-font-family ), Sans-serif; font-size: var( --e-global-typography-text-font-size ); letter-spacing: 0.03em; word-spacing: 0.07em;\"><b>Est-il fragile ? <\/b><br \/><span style=\"font-weight: var( --e-global-typography-text-font-weight );\">Ou si fort qu\u2019il peut se prot\u00e9ger des agents ext\u00e9rieurs ?<\/span><br \/><\/span><span style=\"color: var( --e-global-color-text ); font-family: var( --e-global-typography-text-font-family ), Sans-serif; font-size: var( --e-global-typography-text-font-size ); letter-spacing: 0.03em; word-spacing: 0.07em;\"><b>Est-il immat\u00e9riel ? <\/b><br \/><span style=\"font-weight: var( --e-global-typography-text-font-weight );\">Ou tellement pr\u00e9cieux qu\u2019il permet de voir plus loin, jusqu\u2019\u00e0 l\u2019infini ?<\/span><\/span><\/p>\t\t\t\t\t\t\t\t<\/div>\n\t\t\t\t<\/div>\n\t\t\t\t\t<\/div>\n\t\t<\/div>\n\t\t\t\t\t<\/div>\n\t\t<\/section>\n\t\t\t\t<section class=\"elementor-section elementor-top-section elementor-element elementor-element-1a7a9a9 elementor-section-height-min-height elementor-section-boxed elementor-section-height-default elementor-section-items-middle\" data-id=\"1a7a9a9\" data-element_type=\"section\" data-settings=\"{&quot;background_background&quot;:&quot;classic&quot;}\">\n\t\t\t\t\t\t<div class=\"elementor-container elementor-column-gap-default\">\n\t\t\t\t\t<div class=\"elementor-column elementor-col-100 elementor-top-column elementor-element elementor-element-f7fbdea\" data-id=\"f7fbdea\" data-element_type=\"column\">\n\t\t\t<div class=\"elementor-widget-wrap\">\n\t\t\t\t\t\t\t<\/div>\n\t\t<\/div>\n\t\t\t\t\t<\/div>\n\t\t<\/section>\n\t\t\t\t<section class=\"elementor-section elementor-top-section elementor-element elementor-element-0713b46 elementor-section-boxed elementor-section-height-default elementor-section-height-default\" data-id=\"0713b46\" data-element_type=\"section\">\n\t\t\t\t\t\t<div class=\"elementor-container elementor-column-gap-default\">\n\t\t\t\t\t<div class=\"elementor-column elementor-col-50 elementor-top-column elementor-element elementor-element-bfbf619\" data-id=\"bfbf619\" data-element_type=\"column\">\n\t\t\t<div class=\"elementor-widget-wrap elementor-element-populated\">\n\t\t\t\t\t\t<section class=\"elementor-section elementor-inner-section elementor-element elementor-element-41644a7 elementor-section-boxed elementor-section-height-default elementor-section-height-default\" data-id=\"41644a7\" data-element_type=\"section\" data-settings=\"{&quot;sticky&quot;:&quot;top&quot;,&quot;sticky_parent&quot;:&quot;yes&quot;,&quot;sticky_on&quot;:[&quot;desktop&quot;,&quot;tablet&quot;],&quot;sticky_offset&quot;:60,&quot;sticky_effects_offset&quot;:60,&quot;sticky_anchor_link_offset&quot;:0}\">\n\t\t\t\t\t\t<div class=\"elementor-container elementor-column-gap-default\">\n\t\t\t\t\t<div class=\"elementor-column elementor-col-100 elementor-inner-column elementor-element elementor-element-6696040\" data-id=\"6696040\" data-element_type=\"column\">\n\t\t\t<div class=\"elementor-widget-wrap elementor-element-populated\">\n\t\t\t\t\t\t<div class=\"elementor-element elementor-element-4331bfa elementor-widget elementor-widget-heading\" data-id=\"4331bfa\" data-element_type=\"widget\" data-widget_type=\"heading.default\">\n\t\t\t\t<div class=\"elementor-widget-container\">\n\t\t\t\t\t<h2 class=\"elementor-heading-title elementor-size-default\">1973, naissance de FIAM Italie<\/h2>\t\t\t\t<\/div>\n\t\t\t\t<\/div>\n\t\t\t\t<div class=\"elementor-element elementor-element-a2574be elementor-widget elementor-widget-text-editor\" data-id=\"a2574be\" data-element_type=\"widget\" data-widget_type=\"text-editor.default\">\n\t\t\t\t<div class=\"elementor-widget-container\">\n\t\t\t\t\t\t\t\t\t<p>Quand les situations de la vie m\u2019ont amen\u00e9 \u00e0 approcher ce mat\u00e9riau, le verre n&rsquo;\u00e9tait rien de plus qu\u2019une plaque et les utilisations que l&rsquo;on en faisait \u00e9taient limit\u00e9es, non seulement pour des questions technologiques mais aussi \u00e0 cause d\u2019une r\u00e9ticence que les gens avaient \u00e0 son \u00e9gard, car il \u00e9tait per\u00e7u comme froid. Quelque chose qui servait \u00ab seulement \u00bb \u00e0 remplir des fonctions.<\/p><p><span style=\"color: var( --e-global-color-text ); font-family: var( --e-global-typography-text-font-family ), Sans-serif; font-size: var( --e-global-typography-text-font-size ); font-weight: var( --e-global-typography-text-font-weight ); letter-spacing: 0.03em; word-spacing: 0.07em;\">\u00c0 cette \u00e9poque je travaillais dans une vitrerie et, un peu en raison de ma nature, un peu en raison de mes \u00e9tudes artistiques que j\u2019essayais d\u00e9j\u00e0 d\u2019allier aux besoins fonctionnels, je me suis demand\u00e9 presque naturellement s&rsquo;il \u00e9tait possible de r\u00e9aliser un si\u00e8ge totalement en verre\u2026 quelle id\u00e9e\u2026 <\/span><span style=\"color: var( --e-global-color-text ); font-family: var( --e-global-typography-text-font-family ), Sans-serif; font-size: var( --e-global-typography-text-font-size ); letter-spacing: 0.03em; word-spacing: 0.07em;\"><b>une personne assise sur un panneau en verre cintr\u00e9 !<\/b><\/span><\/p><p><span style=\"color: var( --e-global-color-text ); font-family: var( --e-global-typography-text-font-family ), Sans-serif; font-size: var( --e-global-typography-text-font-size ); font-weight: var( --e-global-typography-text-font-weight ); letter-spacing: 0.03em; word-spacing: 0.07em;\">C\u2019est ainsi que tout a commenc\u00e9 : \u00e0 partir d\u2019une intuition totalement hors du cadre, \u00e0 partir d\u2019un \u00ab Onda Pouf \u00bb.<\/span><\/p><p><span style=\"color: var( --e-global-color-text ); font-family: var( --e-global-typography-text-font-family ), Sans-serif; font-size: var( --e-global-typography-text-font-size ); font-weight: var( --e-global-typography-text-font-weight ); letter-spacing: 0.03em; word-spacing: 0.07em;\">En 1973 j\u2019ai pr\u00e9sent\u00e9 pour FIAM la premi\u00e8re ligne de produits enti\u00e8rement en verre cintr\u00e9.<\/span><\/p>\t\t\t\t\t\t\t\t<\/div>\n\t\t\t\t<\/div>\n\t\t\t\t\t<\/div>\n\t\t<\/div>\n\t\t\t\t\t<\/div>\n\t\t<\/section>\n\t\t\t\t\t<\/div>\n\t\t<\/div>\n\t\t\t\t<div class=\"elementor-column elementor-col-50 elementor-top-column elementor-element elementor-element-d96167b\" data-id=\"d96167b\" data-element_type=\"column\">\n\t\t\t<div class=\"elementor-widget-wrap elementor-element-populated\">\n\t\t\t\t\t\t<div class=\"elementor-element elementor-element-eac39e4 elementor-widget elementor-widget-image\" data-id=\"eac39e4\" data-element_type=\"widget\" data-widget_type=\"image.default\">\n\t\t\t\t<div class=\"elementor-widget-container\">\n\t\t\t\t\t\t\t\t\t\t\t\t\t\t\t<img fetchpriority=\"high\" decoding=\"async\" width=\"873\" height=\"1300\" src=\"https:\/\/www.fiamitalia.it\/wp-content\/uploads\/2023\/02\/FIAM_Vittorio_Livi_Onda_Pouff.jpg\" class=\"attachment-full size-full wp-image-14109\" alt=\"\" srcset=\"https:\/\/www.fiamitalia.it\/wp-content\/uploads\/2023\/02\/FIAM_Vittorio_Livi_Onda_Pouff.jpg 873w, https:\/\/www.fiamitalia.it\/wp-content\/uploads\/2023\/02\/FIAM_Vittorio_Livi_Onda_Pouff-403x600.jpg 403w, https:\/\/www.fiamitalia.it\/wp-content\/uploads\/2023\/02\/FIAM_Vittorio_Livi_Onda_Pouff-806x1200.jpg 806w, https:\/\/www.fiamitalia.it\/wp-content\/uploads\/2023\/02\/FIAM_Vittorio_Livi_Onda_Pouff-768x1144.jpg 768w\" sizes=\"(max-width: 873px) 100vw, 873px\" \/>\t\t\t\t\t\t\t\t\t\t\t\t\t\t\t<\/div>\n\t\t\t\t<\/div>\n\t\t\t\t\t<\/div>\n\t\t<\/div>\n\t\t\t\t\t<\/div>\n\t\t<\/section>\n\t\t\t\t<section class=\"elementor-section elementor-top-section elementor-element elementor-element-37ec048 elementor-reverse-mobile elementor-section-boxed elementor-section-height-default elementor-section-height-default\" data-id=\"37ec048\" data-element_type=\"section\">\n\t\t\t\t\t\t<div class=\"elementor-container elementor-column-gap-default\">\n\t\t\t\t\t<div class=\"elementor-column elementor-col-50 elementor-top-column elementor-element elementor-element-7dc7d55\" data-id=\"7dc7d55\" data-element_type=\"column\">\n\t\t\t<div class=\"elementor-widget-wrap elementor-element-populated\">\n\t\t\t\t\t\t<div class=\"elementor-element elementor-element-cadbc0f elementor-widget elementor-widget-image\" data-id=\"cadbc0f\" data-element_type=\"widget\" data-widget_type=\"image.default\">\n\t\t\t\t<div class=\"elementor-widget-container\">\n\t\t\t\t\t\t\t\t\t\t\t\t\t\t\t<img decoding=\"async\" width=\"443\" height=\"608\" src=\"https:\/\/www.fiamitalia.it\/wp-content\/uploads\/2023\/02\/Fiam_Onda_Pouff.jpg\" class=\"attachment-full size-full wp-image-14276\" alt=\"\" srcset=\"https:\/\/www.fiamitalia.it\/wp-content\/uploads\/2023\/02\/Fiam_Onda_Pouff.jpg 443w, https:\/\/www.fiamitalia.it\/wp-content\/uploads\/2023\/02\/Fiam_Onda_Pouff-437x600.jpg 437w\" sizes=\"(max-width: 443px) 100vw, 443px\" \/>\t\t\t\t\t\t\t\t\t\t\t\t\t\t\t<\/div>\n\t\t\t\t<\/div>\n\t\t\t\t\t<\/div>\n\t\t<\/div>\n\t\t\t\t<div class=\"elementor-column elementor-col-50 elementor-top-column elementor-element elementor-element-7b6ce92\" data-id=\"7b6ce92\" data-element_type=\"column\">\n\t\t\t<div class=\"elementor-widget-wrap elementor-element-populated\">\n\t\t\t\t\t\t<div class=\"elementor-element elementor-element-d88d9c0 elementor-widget elementor-widget-text-editor\" data-id=\"d88d9c0\" data-element_type=\"widget\" data-settings=\"{&quot;sticky&quot;:&quot;top&quot;,&quot;sticky_on&quot;:[&quot;desktop&quot;,&quot;tablet&quot;],&quot;sticky_offset&quot;:60,&quot;sticky_effects_offset&quot;:60,&quot;sticky_parent&quot;:&quot;yes&quot;,&quot;sticky_anchor_link_offset&quot;:0}\" data-widget_type=\"text-editor.default\">\n\t\t\t\t<div class=\"elementor-widget-container\">\n\t\t\t\t\t\t\t\t\t<p>Mon d\u00e9fi a pris forme : permettre au public de comprendre que ce <b>mat\u00e9riau \u00e9tait \u00ab digne \u00bb d\u2019entrer dans l\u2019ameublement quotidien<\/b> et pour y arriver il aurait fallu changer le paradigme commun en arrivant \u00e0 faire percevoir <b>la beaut\u00e9, la polyvalence, l\u2019unicit\u00e9 et la po\u00e9sie du mat\u00e9riau.<\/b><\/p><p><span style=\"color: var( --e-global-color-text ); font-family: var( --e-global-typography-text-font-family ), Sans-serif; font-size: var( --e-global-typography-text-font-size ); font-weight: var( --e-global-typography-text-font-weight ); letter-spacing: 0.03em; word-spacing: 0.07em;\">Et \u00e7a a \u00e9t\u00e9 le cas. Et ann\u00e9e apr\u00e8s ann\u00e9e Fiam s\u2019est d\u00e9velopp\u00e9e et a \u00e9volu\u00e9 en croyant dans le verre et en continuant \u00e0 l\u2019explorer. Notre envie de recherche s\u2019est nourrie au fil des ann\u00e9es de nombreuses contributions. Artistes, designers, professionnels.<\/span><\/p><p><span style=\"color: var( --e-global-color-text ); font-family: var( --e-global-typography-text-font-family ), Sans-serif; font-size: var( --e-global-typography-text-font-size ); font-weight: var( --e-global-typography-text-font-weight ); letter-spacing: 0.03em; word-spacing: 0.07em;\">Nous sommes <\/span><span style=\"color: var( --e-global-color-text ); font-family: var( --e-global-typography-text-font-family ), Sans-serif; font-size: var( --e-global-typography-text-font-size ); letter-spacing: 0.03em; word-spacing: 0.07em;\"><b>aujourd\u2019hui all\u00e9s au-del\u00e0 de la transparence <\/b><\/span><span style=\"color: var( --e-global-color-text ); font-family: var( --e-global-typography-text-font-family ), Sans-serif; font-size: var( --e-global-typography-text-font-size ); font-weight: var( --e-global-typography-text-font-weight ); letter-spacing: 0.03em; word-spacing: 0.07em;\">et avons <\/span><span style=\"color: var( --e-global-color-text ); font-family: var( --e-global-typography-text-font-family ), Sans-serif; font-size: var( --e-global-typography-text-font-size ); letter-spacing: 0.03em; word-spacing: 0.07em;\"><b>d<\/b><\/span><span style=\"color: var( --e-global-color-text ); font-family: var( --e-global-typography-text-font-family ), Sans-serif; font-size: var( --e-global-typography-text-font-size ); letter-spacing: 0.03em; word-spacing: 0.07em;\"><b>\u00e9pass\u00e9 le c<\/b><\/span><span style=\"color: var( --e-global-color-text ); font-family: var( --e-global-typography-text-font-family ), Sans-serif; font-size: var( --e-global-typography-text-font-size ); letter-spacing: 0.03em; word-spacing: 0.07em;\"><b>oncept du verre traditionnellement<\/b><\/span><span style=\"color: var( --e-global-color-text ); font-family: var( --e-global-typography-text-font-family ), Sans-serif; font-size: var( --e-global-typography-text-font-size ); font-weight: var( --e-global-typography-text-font-weight ); letter-spacing: 0.03em; word-spacing: 0.07em;\"> per\u00e7u en rendant nos verres uniques \u00e0 travers les fusions.<\/span><\/p><p><span style=\"color: var( --e-global-color-text ); font-family: var( --e-global-typography-text-font-family ), Sans-serif; font-size: var( --e-global-typography-text-font-size ); letter-spacing: 0.03em; word-spacing: 0.07em;\"><b>Et c\u2019est ainsi que nous continuerons \u00e0 voir plus loin.<\/b><\/span><\/p>\t\t\t\t\t\t\t\t<\/div>\n\t\t\t\t<\/div>\n\t\t\t\t\t<\/div>\n\t\t<\/div>\n\t\t\t\t\t<\/div>\n\t\t<\/section>\n\t\t\t\t<section class=\"elementor-section elementor-top-section elementor-element elementor-element-ea425ca elementor-section-boxed elementor-section-height-default elementor-section-height-default\" data-id=\"ea425ca\" data-element_type=\"section\">\n\t\t\t\t\t\t<div class=\"elementor-container elementor-column-gap-default\">\n\t\t\t\t\t<div class=\"elementor-column elementor-col-33 elementor-top-column elementor-element elementor-element-8cb47d5\" data-id=\"8cb47d5\" data-element_type=\"column\">\n\t\t\t<div class=\"elementor-widget-wrap elementor-element-populated\">\n\t\t\t\t\t\t<div class=\"elementor-element elementor-element-4cd8fcb elementor-widget elementor-widget-heading\" data-id=\"4cd8fcb\" data-element_type=\"widget\" data-widget_type=\"heading.default\">\n\t\t\t\t<div class=\"elementor-widget-container\">\n\t\t\t\t\t<h4 class=\"elementor-heading-title elementor-size-default\">1984<\/h4>\t\t\t\t<\/div>\n\t\t\t\t<\/div>\n\t\t\t\t<div class=\"elementor-element elementor-element-7ef2f85 elementor-widget elementor-widget-heading\" data-id=\"7ef2f85\" data-element_type=\"widget\" data-widget_type=\"heading.default\">\n\t\t\t\t<div class=\"elementor-widget-container\">\n\t\t\t\t\t<h5 class=\"elementor-heading-title elementor-size-default\">  Ragno,<br> la premi\u00e8re table monolithique<\/h5>\t\t\t\t<\/div>\n\t\t\t\t<\/div>\n\t\t\t\t<div class=\"elementor-element elementor-element-ae65d97 elementor-widget elementor-widget-image\" data-id=\"ae65d97\" data-element_type=\"widget\" data-widget_type=\"image.default\">\n\t\t\t\t<div class=\"elementor-widget-container\">\n\t\t\t\t\t\t\t\t\t\t\t\t\t\t\t\t<a href=\"https:\/\/www.fiamitalia.it\/wp-content\/uploads\/2023\/02\/FIAM_Rano_1998-P-pagina-pubblicitaria-HR.jpg\" data-elementor-open-lightbox=\"yes\" data-e-action-hash=\"#elementor-action%3Aaction%3Dlightbox%26settings%3DeyJpZCI6MTQyMjAsInVybCI6Imh0dHBzOlwvXC93d3cuZmlhbWl0YWxpYS5pdFwvd3AtY29udGVudFwvdXBsb2Fkc1wvMjAyM1wvMDJcL0ZJQU1fUmFub18xOTk4LVAtcGFnaW5hLXB1YmJsaWNpdGFyaWEtSFIuanBnIn0%3D\">\n\t\t\t\t\t\t\t<img decoding=\"async\" width=\"580\" height=\"772\" src=\"https:\/\/www.fiamitalia.it\/wp-content\/uploads\/2023\/02\/FIAM_Rano_1998-P-pagina-pubblicitaria-HR.jpg\" class=\"attachment-full size-full wp-image-14220\" alt=\"\" srcset=\"https:\/\/www.fiamitalia.it\/wp-content\/uploads\/2023\/02\/FIAM_Rano_1998-P-pagina-pubblicitaria-HR.jpg 580w, https:\/\/www.fiamitalia.it\/wp-content\/uploads\/2023\/02\/FIAM_Rano_1998-P-pagina-pubblicitaria-HR-451x600.jpg 451w\" sizes=\"(max-width: 580px) 100vw, 580px\" \/>\t\t\t\t\t\t\t\t<\/a>\n\t\t\t\t\t\t\t\t\t\t\t\t\t\t\t<\/div>\n\t\t\t\t<\/div>\n\t\t\t\t<div class=\"elementor-element elementor-element-3b62a72 elementor-widget elementor-widget-text-editor\" data-id=\"3b62a72\" data-element_type=\"widget\" data-widget_type=\"text-editor.default\">\n\t\t\t\t<div class=\"elementor-widget-container\">\n\t\t\t\t\t\t\t\t\tVittorio Livi r\u00e9alise un projet r\u00e9volutionnaire: Ragno, la premi\u00e8re table r\u00e9alis\u00e9e avec une seule plaque de verre.\t\t\t\t\t\t\t\t<\/div>\n\t\t\t\t<\/div>\n\t\t\t\t\t<\/div>\n\t\t<\/div>\n\t\t\t\t<div class=\"elementor-column elementor-col-33 elementor-top-column elementor-element elementor-element-5253f0a\" data-id=\"5253f0a\" data-element_type=\"column\">\n\t\t\t<div class=\"elementor-widget-wrap elementor-element-populated\">\n\t\t\t\t\t\t<div class=\"elementor-element elementor-element-d8a9927 elementor-widget elementor-widget-heading\" data-id=\"d8a9927\" data-element_type=\"widget\" data-widget_type=\"heading.default\">\n\t\t\t\t<div class=\"elementor-widget-container\">\n\t\t\t\t\t<h4 class=\"elementor-heading-title elementor-size-default\">1985<\/h4>\t\t\t\t<\/div>\n\t\t\t\t<\/div>\n\t\t\t\t<div class=\"elementor-element elementor-element-f1673c3 elementor-widget elementor-widget-heading\" data-id=\"f1673c3\" data-element_type=\"widget\" data-widget_type=\"heading.default\">\n\t\t\t\t<div class=\"elementor-widget-container\">\n\t\t\t\t\t<h5 class=\"elementor-heading-title elementor-size-default\">  FIAM <br>au Centrodomus de Milan<\/h5>\t\t\t\t<\/div>\n\t\t\t\t<\/div>\n\t\t\t\t<div class=\"elementor-element elementor-element-d409cca elementor-arrows-position-inside elementor-pagination-position-outside elementor-widget elementor-widget-image-carousel\" data-id=\"d409cca\" data-element_type=\"widget\" data-settings=\"{&quot;slides_to_show&quot;:&quot;1&quot;,&quot;navigation&quot;:&quot;both&quot;,&quot;autoplay&quot;:&quot;yes&quot;,&quot;pause_on_hover&quot;:&quot;yes&quot;,&quot;pause_on_interaction&quot;:&quot;yes&quot;,&quot;autoplay_speed&quot;:5000,&quot;infinite&quot;:&quot;yes&quot;,&quot;effect&quot;:&quot;slide&quot;,&quot;speed&quot;:500}\" data-widget_type=\"image-carousel.default\">\n\t\t\t\t<div class=\"elementor-widget-container\">\n\t\t\t\t\t\t\t<div class=\"elementor-image-carousel-wrapper swiper\" role=\"region\" aria-roledescription=\"carousel\" aria-label=\"Carrousel d\u2019images\" dir=\"ltr\">\n\t\t\t<div class=\"elementor-image-carousel swiper-wrapper\" aria-live=\"off\">\n\t\t\t\t\t\t\t\t<div class=\"swiper-slide\" role=\"group\" aria-roledescription=\"slide\" aria-label=\"1 sur 2\"><a data-elementor-open-lightbox=\"yes\" data-elementor-lightbox-slideshow=\"d409cca\" data-e-action-hash=\"#elementor-action%3Aaction%3Dlightbox%26settings%3DeyJpZCI6MTQyMzEsInVybCI6Imh0dHBzOlwvXC93d3cuZmlhbWl0YWxpYS5pdFwvd3AtY29udGVudFwvdXBsb2Fkc1wvMjAyM1wvMDJcL0ZJQU1fY2VudHJvZG9tdXNfMTk4NS5qcGciLCJzbGlkZXNob3ciOiJkNDA5Y2NhIn0%3D\" href=\"https:\/\/www.fiamitalia.it\/wp-content\/uploads\/2023\/02\/FIAM_centrodomus_1985.jpg\"><figure class=\"swiper-slide-inner\"><img decoding=\"async\" class=\"swiper-slide-image\" src=\"https:\/\/www.fiamitalia.it\/wp-content\/uploads\/2023\/02\/FIAM_centrodomus_1985.jpg\" alt=\"Onda Pouf\" \/><\/figure><\/a><\/div><div class=\"swiper-slide\" role=\"group\" aria-roledescription=\"slide\" aria-label=\"2 sur 2\"><a data-elementor-open-lightbox=\"yes\" data-elementor-lightbox-slideshow=\"d409cca\" data-e-action-hash=\"#elementor-action%3Aaction%3Dlightbox%26settings%3DeyJpZCI6MTQxNjEsInVybCI6Imh0dHBzOlwvXC93d3cuZmlhbWl0YWxpYS5pdFwvd3AtY29udGVudFwvdXBsb2Fkc1wvMjAyM1wvMDJcL0ZJQU1fVml0dG9yaW9fTGl2aV9NZW5kaW5pMTk4NS1jZW50cm9kb211cy1NSS0wMzQuanBnIiwic2xpZGVzaG93IjoiZDQwOWNjYSJ9\" href=\"https:\/\/www.fiamitalia.it\/wp-content\/uploads\/2023\/02\/FIAM_Vittorio_Livi_Mendini1985-centrodomus-MI-034.jpg\"><figure class=\"swiper-slide-inner\"><img decoding=\"async\" class=\"swiper-slide-image\" src=\"https:\/\/www.fiamitalia.it\/wp-content\/uploads\/2023\/02\/FIAM_Vittorio_Livi_Mendini1985-centrodomus-MI-034.jpg\" alt=\"Vittorio Livi con Alessandro Mendini\" \/><\/figure><\/a><\/div>\t\t\t<\/div>\n\t\t\t\t\t\t\t\t\t\t\t\t<div class=\"elementor-swiper-button elementor-swiper-button-prev\" role=\"button\" tabindex=\"0\">\n\t\t\t\t\t\t<i aria-hidden=\"true\" class=\"eicon-chevron-left\"><\/i>\t\t\t\t\t<\/div>\n\t\t\t\t\t<div class=\"elementor-swiper-button elementor-swiper-button-next\" role=\"button\" tabindex=\"0\">\n\t\t\t\t\t\t<i aria-hidden=\"true\" class=\"eicon-chevron-right\"><\/i>\t\t\t\t\t<\/div>\n\t\t\t\t\n\t\t\t\t\t\t\t\t\t<div class=\"swiper-pagination\"><\/div>\n\t\t\t\t\t\t\t\t\t<\/div>\n\t\t\t\t\t\t<\/div>\n\t\t\t\t<\/div>\n\t\t\t\t<div class=\"elementor-element elementor-element-d6248c9 elementor-widget elementor-widget-text-editor\" data-id=\"d6248c9\" data-element_type=\"widget\" data-widget_type=\"text-editor.default\">\n\t\t\t\t<div class=\"elementor-widget-container\">\n\t\t\t\t\t\t\t\t\tVittorio Livi et Alessandro Mendini pr\u00e9sentent la Collection FIAM au Centrodomus de Milan.\t\t\t\t\t\t\t\t<\/div>\n\t\t\t\t<\/div>\n\t\t\t\t\t<\/div>\n\t\t<\/div>\n\t\t\t\t<div class=\"elementor-column elementor-col-33 elementor-top-column elementor-element elementor-element-a3506a2\" data-id=\"a3506a2\" data-element_type=\"column\">\n\t\t\t<div class=\"elementor-widget-wrap elementor-element-populated\">\n\t\t\t\t\t\t<div class=\"elementor-element elementor-element-2b4a681 elementor-widget elementor-widget-heading\" data-id=\"2b4a681\" data-element_type=\"widget\" data-widget_type=\"heading.default\">\n\t\t\t\t<div class=\"elementor-widget-container\">\n\t\t\t\t\t<h4 class=\"elementor-heading-title elementor-size-default\">1988<\/h4>\t\t\t\t<\/div>\n\t\t\t\t<\/div>\n\t\t\t\t<div class=\"elementor-element elementor-element-cd7f52d elementor-widget elementor-widget-heading\" data-id=\"cd7f52d\" data-element_type=\"widget\" data-widget_type=\"heading.default\">\n\t\t\t\t<div class=\"elementor-widget-container\">\n\t\t\t\t\t<h5 class=\"elementor-heading-title elementor-size-default\">RECONNAISSANCE<br \/> CITY OF NEW YORK<\/h5>\t\t\t\t<\/div>\n\t\t\t\t<\/div>\n\t\t\t\t<div class=\"elementor-element elementor-element-ad4c802 elementor-widget elementor-widget-image\" data-id=\"ad4c802\" data-element_type=\"widget\" data-widget_type=\"image.default\">\n\t\t\t\t<div class=\"elementor-widget-container\">\n\t\t\t\t\t\t\t\t\t\t\t\t\t\t\t\t<a href=\"https:\/\/www.fiamitalia.it\/wp-content\/uploads\/2023\/02\/Fiam_1988-PR-cittaNewYork-051.jpg\" data-elementor-open-lightbox=\"yes\" data-e-action-hash=\"#elementor-action%3Aaction%3Dlightbox%26settings%3DeyJpZCI6MTQyNDQsInVybCI6Imh0dHBzOlwvXC93d3cuZmlhbWl0YWxpYS5pdFwvd3AtY29udGVudFwvdXBsb2Fkc1wvMjAyM1wvMDJcL0ZpYW1fMTk4OC1QUi1jaXR0YU5ld1lvcmstMDUxLmpwZyJ9\">\n\t\t\t\t\t\t\t<img loading=\"lazy\" decoding=\"async\" width=\"577\" height=\"732\" src=\"https:\/\/www.fiamitalia.it\/wp-content\/uploads\/2023\/02\/Fiam_1988-PR-cittaNewYork-051.jpg\" class=\"attachment-full size-full wp-image-14244\" alt=\"\" srcset=\"https:\/\/www.fiamitalia.it\/wp-content\/uploads\/2023\/02\/Fiam_1988-PR-cittaNewYork-051.jpg 577w, https:\/\/www.fiamitalia.it\/wp-content\/uploads\/2023\/02\/Fiam_1988-PR-cittaNewYork-051-473x600.jpg 473w\" sizes=\"(max-width: 577px) 100vw, 577px\" \/>\t\t\t\t\t\t\t\t<\/a>\n\t\t\t\t\t\t\t\t\t\t\t\t\t\t\t<\/div>\n\t\t\t\t<\/div>\n\t\t\t\t<div class=\"elementor-element elementor-element-e4ebb5c elementor-widget elementor-widget-text-editor\" data-id=\"e4ebb5c\" data-element_type=\"widget\" data-widget_type=\"text-editor.default\">\n\t\t\t\t<div class=\"elementor-widget-container\">\n\t\t\t\t\t\t\t\t\tVittorio Livi re\u00e7oit le prix honorifique \u00ab\u00a0City of New York\u00a0\u00bb du maire Edward Koch.\t\t\t\t\t\t\t\t<\/div>\n\t\t\t\t<\/div>\n\t\t\t\t\t<\/div>\n\t\t<\/div>\n\t\t\t\t\t<\/div>\n\t\t<\/section>\n\t\t\t\t<section class=\"elementor-section elementor-top-section elementor-element elementor-element-5529738 elementor-section-boxed elementor-section-height-default elementor-section-height-default\" data-id=\"5529738\" data-element_type=\"section\">\n\t\t\t\t\t\t<div class=\"elementor-container elementor-column-gap-default\">\n\t\t\t\t\t<div class=\"elementor-column elementor-col-100 elementor-top-column elementor-element elementor-element-0c475e3\" data-id=\"0c475e3\" data-element_type=\"column\">\n\t\t\t<div class=\"elementor-widget-wrap elementor-element-populated\">\n\t\t\t\t\t\t<div class=\"elementor-element elementor-element-13943e9 elementor-widget elementor-widget-heading\" data-id=\"13943e9\" data-element_type=\"widget\" data-widget_type=\"heading.default\">\n\t\t\t\t<div class=\"elementor-widget-container\">\n\t\t\t\t\t<h4 class=\"elementor-heading-title elementor-size-default\">2001<\/h4>\t\t\t\t<\/div>\n\t\t\t\t<\/div>\n\t\t\t\t<div class=\"elementor-element elementor-element-2b58306 elementor-widget elementor-widget-heading\" data-id=\"2b58306\" data-element_type=\"widget\" data-widget_type=\"heading.default\">\n\t\t\t\t<div class=\"elementor-widget-container\">\n\t\t\t\t\t<h5 class=\"elementor-heading-title elementor-size-default\">                                                                                                                                             Compasso d\u2019Oro \u00e0 la Carri\u00e9re\n                                                        \n                            <\/h5>\t\t\t\t<\/div>\n\t\t\t\t<\/div>\n\t\t\t\t\t<\/div>\n\t\t<\/div>\n\t\t\t\t\t<\/div>\n\t\t<\/section>\n\t\t\t\t<section class=\"elementor-section elementor-top-section elementor-element elementor-element-e54ec9c elementor-section-boxed elementor-section-height-default elementor-section-height-default\" data-id=\"e54ec9c\" data-element_type=\"section\">\n\t\t\t\t\t\t<div class=\"elementor-container elementor-column-gap-default\">\n\t\t\t\t\t<div class=\"elementor-column elementor-col-50 elementor-top-column elementor-element elementor-element-7e6e4bb\" data-id=\"7e6e4bb\" data-element_type=\"column\">\n\t\t\t<div class=\"elementor-widget-wrap elementor-element-populated\">\n\t\t\t\t\t\t<div class=\"elementor-element elementor-element-6039c23 elementor-widget elementor-widget-image\" data-id=\"6039c23\" data-element_type=\"widget\" data-widget_type=\"image.default\">\n\t\t\t\t<div class=\"elementor-widget-container\">\n\t\t\t\t\t\t\t\t\t\t\t\t\t\t\t<img loading=\"lazy\" decoding=\"async\" width=\"1975\" height=\"1975\" src=\"https:\/\/www.fiamitalia.it\/wp-content\/uploads\/2024\/07\/Premio-alla-carriera.png\" class=\"attachment-full size-full wp-image-49752\" alt=\"\" srcset=\"https:\/\/www.fiamitalia.it\/wp-content\/uploads\/2024\/07\/Premio-alla-carriera.png 1975w, https:\/\/www.fiamitalia.it\/wp-content\/uploads\/2024\/07\/Premio-alla-carriera-600x600.png 600w, https:\/\/www.fiamitalia.it\/wp-content\/uploads\/2024\/07\/Premio-alla-carriera-1200x1200.png 1200w, https:\/\/www.fiamitalia.it\/wp-content\/uploads\/2024\/07\/Premio-alla-carriera-768x768.png 768w, https:\/\/www.fiamitalia.it\/wp-content\/uploads\/2024\/07\/Premio-alla-carriera-1536x1536.png 1536w\" sizes=\"(max-width: 1975px) 100vw, 1975px\" \/>\t\t\t\t\t\t\t\t\t\t\t\t\t\t\t<\/div>\n\t\t\t\t<\/div>\n\t\t\t\t\t<\/div>\n\t\t<\/div>\n\t\t\t\t<div class=\"elementor-column elementor-col-50 elementor-top-column elementor-element elementor-element-aa5b8ae\" data-id=\"aa5b8ae\" data-element_type=\"column\">\n\t\t\t<div class=\"elementor-widget-wrap elementor-element-populated\">\n\t\t\t\t\t\t<div class=\"elementor-element elementor-element-020e1e5 elementor-widget elementor-widget-text-editor\" data-id=\"020e1e5\" data-element_type=\"widget\" data-widget_type=\"text-editor.default\">\n\t\t\t\t<div class=\"elementor-widget-container\">\n\t\t\t\t\t\t\t\t\tCr\u00e9\u00e9 en 1954 sous l\u2019impulsion de Gio Ponti pour la Rinascente, le prix Compasso d\u2019Oro (Compas d\u2019Or) est d\u00e9cern\u00e9 depuis 1964 par l\u2019Associazione per il Disegno Industriale (ADI) qui est aujourd\u2019hui la plus grande expression du design europ\u00e9en. A l\u2019occasion des \u00e9ditions triennales l\u2019ADI d\u00e9cerne vingt compas d\u2019or et tout au plus neuf prix \u00e0 la carri\u00e8re qui t\u00e9moignent la valeur de l\u2019entreprise et l\u2019expression totale de la qualit\u00e9 et du design.\t\t\t\t\t\t\t\t<\/div>\n\t\t\t\t<\/div>\n\t\t\t\t<div class=\"elementor-element elementor-element-3371a4c elementor-widget elementor-widget-text-editor\" data-id=\"3371a4c\" data-element_type=\"widget\" data-widget_type=\"text-editor.default\">\n\t\t\t\t<div class=\"elementor-widget-container\">\n\t\t\t\t\t\t\t\t\tR\u00e9compens\u00e9e durant l\u2019\u00e9dition 2001 avec Ferrari auto et Abet Laminati, Fiam est la 14\u00e8me entreprise \u00e0 recevoir ce prix prestigieux. La passion, le design et la recherche associ\u00e9s \u00e0 la culture du verre sont les principes fondateurs de l\u2019entreprise, notamment pour la projection de son avenir.\t\t\t\t\t\t\t\t<\/div>\n\t\t\t\t<\/div>\n\t\t\t\t\t<\/div>\n\t\t<\/div>\n\t\t\t\t\t<\/div>\n\t\t<\/section>\n\t\t\t\t<section class=\"elementor-section elementor-top-section elementor-element elementor-element-ad78edd elementor-section-boxed elementor-section-height-default elementor-section-height-default\" data-id=\"ad78edd\" data-element_type=\"section\">\n\t\t\t\t\t\t<div class=\"elementor-container elementor-column-gap-default\">\n\t\t\t\t\t<div class=\"elementor-column elementor-col-33 elementor-top-column elementor-element elementor-element-f772e07\" data-id=\"f772e07\" data-element_type=\"column\">\n\t\t\t<div class=\"elementor-widget-wrap elementor-element-populated\">\n\t\t\t\t\t\t<div class=\"elementor-element elementor-element-1a56ca8 elementor-widget elementor-widget-heading\" data-id=\"1a56ca8\" data-element_type=\"widget\" data-widget_type=\"heading.default\">\n\t\t\t\t<div class=\"elementor-widget-container\">\n\t\t\t\t\t<h4 class=\"elementor-heading-title elementor-size-default\">2006<\/h4>\t\t\t\t<\/div>\n\t\t\t\t<\/div>\n\t\t\t\t<div class=\"elementor-element elementor-element-f6e208f elementor-widget elementor-widget-heading\" data-id=\"f6e208f\" data-element_type=\"widget\" data-widget_type=\"heading.default\">\n\t\t\t\t<div class=\"elementor-widget-container\">\n\t\t\t\t\t<h5 class=\"elementor-heading-title elementor-size-default\">  Crucifix de Pesaro<\/h5>\t\t\t\t<\/div>\n\t\t\t\t<\/div>\n\t\t\t\t<div class=\"elementor-element elementor-element-60b7240 elementor-widget elementor-widget-image\" data-id=\"60b7240\" data-element_type=\"widget\" data-widget_type=\"image.default\">\n\t\t\t\t<div class=\"elementor-widget-container\">\n\t\t\t\t\t\t\t\t\t\t\t\t\t\t\t\t<a href=\"https:\/\/www.fiamitalia.it\/wp-content\/uploads\/2023\/02\/Vittorio_Livi_Crocefisso_pesaro_vangi-livi078.jpg\" data-elementor-open-lightbox=\"yes\" data-e-action-hash=\"#elementor-action%3Aaction%3Dlightbox%26settings%3DeyJpZCI6MTQyMTMsInVybCI6Imh0dHBzOlwvXC93d3cuZmlhbWl0YWxpYS5pdFwvd3AtY29udGVudFwvdXBsb2Fkc1wvMjAyM1wvMDJcL1ZpdHRvcmlvX0xpdmlfQ3JvY2VmaXNzb19wZXNhcm9fdmFuZ2ktbGl2aTA3OC5qcGcifQ%3D%3D\">\n\t\t\t\t\t\t\t<img loading=\"lazy\" decoding=\"async\" width=\"591\" height=\"400\" src=\"https:\/\/www.fiamitalia.it\/wp-content\/uploads\/2023\/02\/Vittorio_Livi_Crocefisso_pesaro_vangi-livi078.jpg\" class=\"attachment-full size-full wp-image-14213\" alt=\"\" \/>\t\t\t\t\t\t\t\t<\/a>\n\t\t\t\t\t\t\t\t\t\t\t\t\t\t\t<\/div>\n\t\t\t\t<\/div>\n\t\t\t\t<div class=\"elementor-element elementor-element-6aecc2f elementor-widget elementor-widget-text-editor\" data-id=\"6aecc2f\" data-element_type=\"widget\" data-widget_type=\"text-editor.default\">\n\t\t\t\t<div class=\"elementor-widget-container\">\n\t\t\t\t\t\t\t\t\tVittorio Livi et Giuliano Vangi r\u00e9alisent le \u00ab Crucifix de Pesaro \u00bb, la sculpture en verre offerte \u00e0 Sa Saintet\u00e9 Beno\u00eet XVI.\t\t\t\t\t\t\t\t<\/div>\n\t\t\t\t<\/div>\n\t\t\t\t\t<\/div>\n\t\t<\/div>\n\t\t\t\t<div class=\"elementor-column elementor-col-33 elementor-top-column elementor-element elementor-element-f07d9ed\" data-id=\"f07d9ed\" data-element_type=\"column\">\n\t\t\t<div class=\"elementor-widget-wrap elementor-element-populated\">\n\t\t\t\t\t\t<div class=\"elementor-element elementor-element-c5c322b elementor-widget elementor-widget-heading\" data-id=\"c5c322b\" data-element_type=\"widget\" data-widget_type=\"heading.default\">\n\t\t\t\t<div class=\"elementor-widget-container\">\n\t\t\t\t\t<h4 class=\"elementor-heading-title elementor-size-default\">2015<\/h4>\t\t\t\t<\/div>\n\t\t\t\t<\/div>\n\t\t\t\t<div class=\"elementor-element elementor-element-c116c9e elementor-widget elementor-widget-heading\" data-id=\"c116c9e\" data-element_type=\"widget\" data-widget_type=\"heading.default\">\n\t\t\t\t<div class=\"elementor-widget-container\">\n\t\t\t\t\t<h5 class=\"elementor-heading-title elementor-size-default\">  J\u00e9sus \u00e9nergie du monde \u00e0 Expo 2015<\/h5>\t\t\t\t<\/div>\n\t\t\t\t<\/div>\n\t\t\t\t<div class=\"elementor-element elementor-element-c00cb77 elementor-widget elementor-widget-image\" data-id=\"c00cb77\" data-element_type=\"widget\" data-widget_type=\"image.default\">\n\t\t\t\t<div class=\"elementor-widget-container\">\n\t\t\t\t\t\t\t\t\t\t\t\t\t\t\t\t<a href=\"https:\/\/www.fiamitalia.it\/wp-content\/uploads\/2023\/02\/FIAM_Vittorio_LIvi_Papa_Osservatore_Romano_revLM.jpg\" data-elementor-open-lightbox=\"yes\" data-e-action-hash=\"#elementor-action%3Aaction%3Dlightbox%26settings%3DeyJpZCI6MTQxNTcsInVybCI6Imh0dHBzOlwvXC93d3cuZmlhbWl0YWxpYS5pdFwvd3AtY29udGVudFwvdXBsb2Fkc1wvMjAyM1wvMDJcL0ZJQU1fVml0dG9yaW9fTEl2aV9QYXBhX09zc2VydmF0b3JlX1JvbWFub19yZXZMTS5qcGcifQ%3D%3D\">\n\t\t\t\t\t\t\t<img loading=\"lazy\" decoding=\"async\" width=\"1661\" height=\"1107\" src=\"https:\/\/www.fiamitalia.it\/wp-content\/uploads\/2023\/02\/FIAM_Vittorio_LIvi_Papa_Osservatore_Romano_revLM.jpg\" class=\"attachment-full size-full wp-image-14157\" alt=\"\" srcset=\"https:\/\/www.fiamitalia.it\/wp-content\/uploads\/2023\/02\/FIAM_Vittorio_LIvi_Papa_Osservatore_Romano_revLM.jpg 1661w, https:\/\/www.fiamitalia.it\/wp-content\/uploads\/2023\/02\/FIAM_Vittorio_LIvi_Papa_Osservatore_Romano_revLM-900x600.jpg 900w, https:\/\/www.fiamitalia.it\/wp-content\/uploads\/2023\/02\/FIAM_Vittorio_LIvi_Papa_Osservatore_Romano_revLM-768x512.jpg 768w, https:\/\/www.fiamitalia.it\/wp-content\/uploads\/2023\/02\/FIAM_Vittorio_LIvi_Papa_Osservatore_Romano_revLM-1536x1024.jpg 1536w\" sizes=\"(max-width: 1661px) 100vw, 1661px\" \/>\t\t\t\t\t\t\t\t<\/a>\n\t\t\t\t\t\t\t\t\t\t\t\t\t\t\t<\/div>\n\t\t\t\t<\/div>\n\t\t\t\t<div class=\"elementor-element elementor-element-f5d1afe elementor-widget elementor-widget-text-editor\" data-id=\"f5d1afe\" data-element_type=\"widget\" data-widget_type=\"text-editor.default\">\n\t\t\t\t<div class=\"elementor-widget-container\">\n\t\t\t\t\t\t\t\t\tVittorio Livi r\u00e9alise la sculpture \u00ab J\u00e9sus \u00c9nergie du Monde \u00bb offerte au Pape Fran\u00e7ois. La m\u00eame ann\u00e9e, FIAM est s\u00e9lectionn\u00e9e comme testimonial de la province des Marches pour l\u2019Expo 2015.\t\t\t\t\t\t\t\t<\/div>\n\t\t\t\t<\/div>\n\t\t\t\t\t<\/div>\n\t\t<\/div>\n\t\t\t\t<div class=\"elementor-column elementor-col-33 elementor-top-column elementor-element elementor-element-9552b54\" data-id=\"9552b54\" data-element_type=\"column\">\n\t\t\t<div class=\"elementor-widget-wrap elementor-element-populated\">\n\t\t\t\t\t\t<div class=\"elementor-element elementor-element-16e082e elementor-widget elementor-widget-heading\" data-id=\"16e082e\" data-element_type=\"widget\" data-widget_type=\"heading.default\">\n\t\t\t\t<div class=\"elementor-widget-container\">\n\t\t\t\t\t<h4 class=\"elementor-heading-title elementor-size-default\">2016<\/h4>\t\t\t\t<\/div>\n\t\t\t\t<\/div>\n\t\t\t\t<div class=\"elementor-element elementor-element-66fc9bc elementor-widget elementor-widget-heading\" data-id=\"66fc9bc\" data-element_type=\"widget\" data-widget_type=\"heading.default\">\n\t\t\t\t<div class=\"elementor-widget-container\">\n\t\t\t\t\t<h5 class=\"elementor-heading-title elementor-size-default\">  Prix <br>\u00ab Leonardo Qualit\u00e0 Italia \u00bb<\/h5>\t\t\t\t<\/div>\n\t\t\t\t<\/div>\n\t\t\t\t<div class=\"elementor-element elementor-element-f125612 elementor-widget elementor-widget-image\" data-id=\"f125612\" data-element_type=\"widget\" data-widget_type=\"image.default\">\n\t\t\t\t<div class=\"elementor-widget-container\">\n\t\t\t\t\t\t\t\t\t\t\t\t\t\t\t\t<a href=\"https:\/\/www.fiamitalia.it\/wp-content\/uploads\/2023\/02\/FIAM_VITTORIO-LIVI_-PREMIAZIONE-LEONARDO-2015.jpg\" data-elementor-open-lightbox=\"yes\" data-e-action-hash=\"#elementor-action%3Aaction%3Dlightbox%26settings%3DeyJpZCI6MTQxNzEsInVybCI6Imh0dHBzOlwvXC93d3cuZmlhbWl0YWxpYS5pdFwvd3AtY29udGVudFwvdXBsb2Fkc1wvMjAyM1wvMDJcL0ZJQU1fVklUVE9SSU8tTElWSV8tUFJFTUlBWklPTkUtTEVPTkFSRE8tMjAxNS5qcGcifQ%3D%3D\">\n\t\t\t\t\t\t\t<img loading=\"lazy\" decoding=\"async\" width=\"2000\" height=\"1335\" src=\"https:\/\/www.fiamitalia.it\/wp-content\/uploads\/2023\/02\/FIAM_VITTORIO-LIVI_-PREMIAZIONE-LEONARDO-2015.jpg\" class=\"attachment-full size-full wp-image-14171\" alt=\"\" srcset=\"https:\/\/www.fiamitalia.it\/wp-content\/uploads\/2023\/02\/FIAM_VITTORIO-LIVI_-PREMIAZIONE-LEONARDO-2015.jpg 2000w, https:\/\/www.fiamitalia.it\/wp-content\/uploads\/2023\/02\/FIAM_VITTORIO-LIVI_-PREMIAZIONE-LEONARDO-2015-899x600.jpg 899w, https:\/\/www.fiamitalia.it\/wp-content\/uploads\/2023\/02\/FIAM_VITTORIO-LIVI_-PREMIAZIONE-LEONARDO-2015-1798x1200.jpg 1798w, https:\/\/www.fiamitalia.it\/wp-content\/uploads\/2023\/02\/FIAM_VITTORIO-LIVI_-PREMIAZIONE-LEONARDO-2015-768x513.jpg 768w, https:\/\/www.fiamitalia.it\/wp-content\/uploads\/2023\/02\/FIAM_VITTORIO-LIVI_-PREMIAZIONE-LEONARDO-2015-1536x1025.jpg 1536w\" sizes=\"(max-width: 2000px) 100vw, 2000px\" \/>\t\t\t\t\t\t\t\t<\/a>\n\t\t\t\t\t\t\t\t\t\t\t\t\t\t\t<\/div>\n\t\t\t\t<\/div>\n\t\t\t\t<div class=\"elementor-element elementor-element-a2823ba elementor-widget elementor-widget-text-editor\" data-id=\"a2823ba\" data-element_type=\"widget\" data-widget_type=\"text-editor.default\">\n\t\t\t\t<div class=\"elementor-widget-container\">\n\t\t\t\t\t\t\t\t\tLe Comit\u00e9 Leonardo conf\u00e8re \u00e0 FIAM le Prix Qualit\u00e9 2015.\t\t\t\t\t\t\t\t<\/div>\n\t\t\t\t<\/div>\n\t\t\t\t\t<\/div>\n\t\t<\/div>\n\t\t\t\t\t<\/div>\n\t\t<\/section>\n\t\t\t\t<section class=\"elementor-section elementor-top-section elementor-element elementor-element-cd157a8 elementor-section-height-min-height elementor-section-items-bottom elementor-section-content-bottom elementor-section-boxed elementor-section-height-default\" data-id=\"cd157a8\" data-element_type=\"section\" data-settings=\"{&quot;background_background&quot;:&quot;classic&quot;}\">\n\t\t\t\t\t\t<div class=\"elementor-container elementor-column-gap-default\">\n\t\t\t\t\t<div class=\"elementor-column elementor-col-100 elementor-top-column elementor-element elementor-element-4240c5d\" data-id=\"4240c5d\" data-element_type=\"column\">\n\t\t\t<div class=\"elementor-widget-wrap elementor-element-populated\">\n\t\t\t\t\t\t<div class=\"elementor-element elementor-element-05cc5c7 elementor-widget elementor-widget-heading\" data-id=\"05cc5c7\" data-element_type=\"widget\" data-widget_type=\"heading.default\">\n\t\t\t\t<div class=\"elementor-widget-container\">\n\t\t\t\t\t<h5 class=\"elementor-heading-title elementor-size-default\">                                                                                                             Compasso d\u2019Oro \u00e0 la Carri\u00e9re pour le fauteuil Ghost\n<\/h5>\t\t\t\t<\/div>\n\t\t\t\t<\/div>\n\t\t\t\t\t<\/div>\n\t\t<\/div>\n\t\t\t\t\t<\/div>\n\t\t<\/section>\n\t\t\t\t<\/div>\n\t\t","protected":false},"excerpt":{"rendered":"<p>Vittorio Livi, l\u2019id\u00e9e \u00catre toujours curieux. \u00catre passionn\u00e9s. Ne jamais s\u2019arr\u00eater aux apparences. Avoir la capacit\u00e9 de voir plus loin. Et c\u2019est comme \u00e7a que tout est n\u00e9, d&rsquo;une intuition, d\u2019un d\u00e9fi, de l\u2019amour pour un mat\u00e9riau incroyable. Le verre. Une mati\u00e8re qui plonge ses racines dans la nuit des temps.Il vient de la terre [&hellip;]<\/p>\n","protected":false},"author":1,"featured_media":0,"parent":0,"menu_order":0,"comment_status":"closed","ping_status":"closed","template":"elementor_header_footer","meta":{"_acf_changed":false,"footnotes":""},"class_list":["post-27102","page","type-page","status-publish","hentry"],"acf":[],"yoast_head":"<!-- This site is optimized with the Yoast SEO plugin v25.8 - https:\/\/yoast.com\/wordpress\/plugins\/seo\/ -->\n<title>Vittorio Livi, l\u2019id\u00e9e - Fiam Italia<\/title>\n<meta name=\"description\" content=\"A travers le travail artisanal du verre et le proc\u00e9d\u00e9 de courbure, FIAM cr\u00e9e des meubles en cristal courb\u00e9 de design. Pour en savoir plus visitez notre site!\" \/>\n<meta name=\"robots\" content=\"index, follow, max-snippet:-1, max-image-preview:large, max-video-preview:-1\" \/>\n<link rel=\"canonical\" href=\"https:\/\/www.fiamitalia.it\/fr\/vittorio-livi-lidee\/\" \/>\n<meta property=\"og:locale\" content=\"fr_FR\" \/>\n<meta property=\"og:type\" content=\"article\" \/>\n<meta property=\"og:title\" content=\"Vittorio Livi, l\u2019id\u00e9e - Fiam Italia\" \/>\n<meta property=\"og:description\" content=\"A travers le travail artisanal du verre et le proc\u00e9d\u00e9 de courbure, FIAM cr\u00e9e des meubles en cristal courb\u00e9 de design. Pour en savoir plus visitez notre site!\" \/>\n<meta property=\"og:url\" content=\"https:\/\/www.fiamitalia.it\/fr\/vittorio-livi-lidee\/\" \/>\n<meta property=\"og:site_name\" content=\"Fiam Italia\" \/>\n<meta property=\"article:publisher\" content=\"https:\/\/www.facebook.com\/fiamitalia\/\" \/>\n<meta property=\"article:modified_time\" content=\"2024-07-16T07:32:41+00:00\" \/>\n<meta property=\"og:image\" content=\"https:\/\/www.fiamitalia.it\/wp-content\/uploads\/2023\/02\/FIAM_Vittorio_Livi_Onda_Pouff.jpg\" \/>\n<meta name=\"twitter:card\" content=\"summary_large_image\" \/>\n<meta name=\"twitter:label1\" content=\"Dur\u00e9e de lecture estim\u00e9e\" \/>\n\t<meta name=\"twitter:data1\" content=\"8 minutes\" \/>\n<script type=\"application\/ld+json\" class=\"yoast-schema-graph\">{\"@context\":\"https:\/\/schema.org\",\"@graph\":[{\"@type\":\"WebPage\",\"@id\":\"https:\/\/www.fiamitalia.it\/fr\/vittorio-livi-lidee\/\",\"url\":\"https:\/\/www.fiamitalia.it\/fr\/vittorio-livi-lidee\/\",\"name\":\"Vittorio Livi, l\u2019id\u00e9e - Fiam Italia\",\"isPartOf\":{\"@id\":\"https:\/\/www.fiamitalia.it\/fr\/#website\"},\"primaryImageOfPage\":{\"@id\":\"https:\/\/www.fiamitalia.it\/fr\/vittorio-livi-lidee\/#primaryimage\"},\"image\":{\"@id\":\"https:\/\/www.fiamitalia.it\/fr\/vittorio-livi-lidee\/#primaryimage\"},\"thumbnailUrl\":\"https:\/\/www.fiamitalia.it\/wp-content\/uploads\/2023\/02\/FIAM_Vittorio_Livi_Onda_Pouff.jpg\",\"datePublished\":\"2022-12-19T07:20:57+00:00\",\"dateModified\":\"2024-07-16T07:32:41+00:00\",\"description\":\"A travers le travail artisanal du verre et le proc\u00e9d\u00e9 de courbure, FIAM cr\u00e9e des meubles en cristal courb\u00e9 de design. Pour en savoir plus visitez notre site!\",\"breadcrumb\":{\"@id\":\"https:\/\/www.fiamitalia.it\/fr\/vittorio-livi-lidee\/#breadcrumb\"},\"inLanguage\":\"fr-FR\",\"potentialAction\":[{\"@type\":\"ReadAction\",\"target\":[\"https:\/\/www.fiamitalia.it\/fr\/vittorio-livi-lidee\/\"]}]},{\"@type\":\"ImageObject\",\"inLanguage\":\"fr-FR\",\"@id\":\"https:\/\/www.fiamitalia.it\/fr\/vittorio-livi-lidee\/#primaryimage\",\"url\":\"https:\/\/www.fiamitalia.it\/wp-content\/uploads\/2023\/02\/FIAM_Vittorio_Livi_Onda_Pouff.jpg\",\"contentUrl\":\"https:\/\/www.fiamitalia.it\/wp-content\/uploads\/2023\/02\/FIAM_Vittorio_Livi_Onda_Pouff.jpg\"},{\"@type\":\"BreadcrumbList\",\"@id\":\"https:\/\/www.fiamitalia.it\/fr\/vittorio-livi-lidee\/#breadcrumb\",\"itemListElement\":[{\"@type\":\"ListItem\",\"position\":1,\"name\":\"Home\",\"item\":\"https:\/\/www.fiamitalia.it\/fr\/\"},{\"@type\":\"ListItem\",\"position\":2,\"name\":\"Vittorio Livi, l\u2019id\u00e9e\"}]},{\"@type\":\"WebSite\",\"@id\":\"https:\/\/www.fiamitalia.it\/fr\/#website\",\"url\":\"https:\/\/www.fiamitalia.it\/fr\/\",\"name\":\"Fiam Italia\",\"description\":\"Da oltre 40 anni FIAM \u00e8 sinonimo di cultura del vetro a livello globale e produce elementi di arredo in vetro curvato di design. Scopri di pi\u00f9 sul sito!\",\"publisher\":{\"@id\":\"https:\/\/www.fiamitalia.it\/fr\/#organization\"},\"potentialAction\":[{\"@type\":\"SearchAction\",\"target\":{\"@type\":\"EntryPoint\",\"urlTemplate\":\"https:\/\/www.fiamitalia.it\/fr\/?s={search_term_string}\"},\"query-input\":{\"@type\":\"PropertyValueSpecification\",\"valueRequired\":true,\"valueName\":\"search_term_string\"}}],\"inLanguage\":\"fr-FR\"},{\"@type\":\"Organization\",\"@id\":\"https:\/\/www.fiamitalia.it\/fr\/#organization\",\"name\":\"Fiam Italia\",\"url\":\"https:\/\/www.fiamitalia.it\/fr\/\",\"logo\":{\"@type\":\"ImageObject\",\"inLanguage\":\"fr-FR\",\"@id\":\"https:\/\/www.fiamitalia.it\/fr\/#\/schema\/logo\/image\/\",\"url\":\"https:\/\/www.fiamitalia.it\/wp-content\/uploads\/2023\/03\/cropped-Fiam_quadr_bn_Outline.png\",\"contentUrl\":\"https:\/\/www.fiamitalia.it\/wp-content\/uploads\/2023\/03\/cropped-Fiam_quadr_bn_Outline.png\",\"width\":945,\"height\":945,\"caption\":\"Fiam Italia\"},\"image\":{\"@id\":\"https:\/\/www.fiamitalia.it\/fr\/#\/schema\/logo\/image\/\"},\"sameAs\":[\"https:\/\/www.facebook.com\/fiamitalia\/\",\"https:\/\/www.instagram.com\/fiamitalia_official\/\",\"https:\/\/pinterest.com\/fiamitalia_\/\",\"https:\/\/www.linkedin.com\/company\/1658601\/\",\"https:\/\/www.youtube.com\/user\/FiamItalia\/\"]}]}<\/script>\n<!-- \/ Yoast SEO plugin. -->","yoast_head_json":{"title":"Vittorio Livi, l\u2019id\u00e9e - Fiam Italia","description":"A travers le travail artisanal du verre et le proc\u00e9d\u00e9 de courbure, FIAM cr\u00e9e des meubles en cristal courb\u00e9 de design. Pour en savoir plus visitez notre site!","robots":{"index":"index","follow":"follow","max-snippet":"max-snippet:-1","max-image-preview":"max-image-preview:large","max-video-preview":"max-video-preview:-1"},"canonical":"https:\/\/www.fiamitalia.it\/fr\/vittorio-livi-lidee\/","og_locale":"fr_FR","og_type":"article","og_title":"Vittorio Livi, l\u2019id\u00e9e - Fiam Italia","og_description":"A travers le travail artisanal du verre et le proc\u00e9d\u00e9 de courbure, FIAM cr\u00e9e des meubles en cristal courb\u00e9 de design. Pour en savoir plus visitez notre site!","og_url":"https:\/\/www.fiamitalia.it\/fr\/vittorio-livi-lidee\/","og_site_name":"Fiam Italia","article_publisher":"https:\/\/www.facebook.com\/fiamitalia\/","article_modified_time":"2024-07-16T07:32:41+00:00","og_image":[{"url":"https:\/\/www.fiamitalia.it\/wp-content\/uploads\/2023\/02\/FIAM_Vittorio_Livi_Onda_Pouff.jpg","type":"","width":"","height":""}],"twitter_card":"summary_large_image","twitter_misc":{"Dur\u00e9e de lecture estim\u00e9e":"8 minutes"},"schema":{"@context":"https:\/\/schema.org","@graph":[{"@type":"WebPage","@id":"https:\/\/www.fiamitalia.it\/fr\/vittorio-livi-lidee\/","url":"https:\/\/www.fiamitalia.it\/fr\/vittorio-livi-lidee\/","name":"Vittorio Livi, l\u2019id\u00e9e - Fiam Italia","isPartOf":{"@id":"https:\/\/www.fiamitalia.it\/fr\/#website"},"primaryImageOfPage":{"@id":"https:\/\/www.fiamitalia.it\/fr\/vittorio-livi-lidee\/#primaryimage"},"image":{"@id":"https:\/\/www.fiamitalia.it\/fr\/vittorio-livi-lidee\/#primaryimage"},"thumbnailUrl":"https:\/\/www.fiamitalia.it\/wp-content\/uploads\/2023\/02\/FIAM_Vittorio_Livi_Onda_Pouff.jpg","datePublished":"2022-12-19T07:20:57+00:00","dateModified":"2024-07-16T07:32:41+00:00","description":"A travers le travail artisanal du verre et le proc\u00e9d\u00e9 de courbure, FIAM cr\u00e9e des meubles en cristal courb\u00e9 de design. Pour en savoir plus visitez notre site!","breadcrumb":{"@id":"https:\/\/www.fiamitalia.it\/fr\/vittorio-livi-lidee\/#breadcrumb"},"inLanguage":"fr-FR","potentialAction":[{"@type":"ReadAction","target":["https:\/\/www.fiamitalia.it\/fr\/vittorio-livi-lidee\/"]}]},{"@type":"ImageObject","inLanguage":"fr-FR","@id":"https:\/\/www.fiamitalia.it\/fr\/vittorio-livi-lidee\/#primaryimage","url":"https:\/\/www.fiamitalia.it\/wp-content\/uploads\/2023\/02\/FIAM_Vittorio_Livi_Onda_Pouff.jpg","contentUrl":"https:\/\/www.fiamitalia.it\/wp-content\/uploads\/2023\/02\/FIAM_Vittorio_Livi_Onda_Pouff.jpg"},{"@type":"BreadcrumbList","@id":"https:\/\/www.fiamitalia.it\/fr\/vittorio-livi-lidee\/#breadcrumb","itemListElement":[{"@type":"ListItem","position":1,"name":"Home","item":"https:\/\/www.fiamitalia.it\/fr\/"},{"@type":"ListItem","position":2,"name":"Vittorio Livi, l\u2019id\u00e9e"}]},{"@type":"WebSite","@id":"https:\/\/www.fiamitalia.it\/fr\/#website","url":"https:\/\/www.fiamitalia.it\/fr\/","name":"Fiam Italia","description":"Da oltre 40 anni FIAM \u00e8 sinonimo di cultura del vetro a livello globale e produce elementi di arredo in vetro curvato di design. Scopri di pi\u00f9 sul sito!","publisher":{"@id":"https:\/\/www.fiamitalia.it\/fr\/#organization"},"potentialAction":[{"@type":"SearchAction","target":{"@type":"EntryPoint","urlTemplate":"https:\/\/www.fiamitalia.it\/fr\/?s={search_term_string}"},"query-input":{"@type":"PropertyValueSpecification","valueRequired":true,"valueName":"search_term_string"}}],"inLanguage":"fr-FR"},{"@type":"Organization","@id":"https:\/\/www.fiamitalia.it\/fr\/#organization","name":"Fiam Italia","url":"https:\/\/www.fiamitalia.it\/fr\/","logo":{"@type":"ImageObject","inLanguage":"fr-FR","@id":"https:\/\/www.fiamitalia.it\/fr\/#\/schema\/logo\/image\/","url":"https:\/\/www.fiamitalia.it\/wp-content\/uploads\/2023\/03\/cropped-Fiam_quadr_bn_Outline.png","contentUrl":"https:\/\/www.fiamitalia.it\/wp-content\/uploads\/2023\/03\/cropped-Fiam_quadr_bn_Outline.png","width":945,"height":945,"caption":"Fiam Italia"},"image":{"@id":"https:\/\/www.fiamitalia.it\/fr\/#\/schema\/logo\/image\/"},"sameAs":["https:\/\/www.facebook.com\/fiamitalia\/","https:\/\/www.instagram.com\/fiamitalia_official\/","https:\/\/pinterest.com\/fiamitalia_\/","https:\/\/www.linkedin.com\/company\/1658601\/","https:\/\/www.youtube.com\/user\/FiamItalia\/"]}]}},"_links":{"self":[{"href":"https:\/\/www.fiamitalia.it\/fr\/wp-json\/wp\/v2\/pages\/27102","targetHints":{"allow":["GET"]}}],"collection":[{"href":"https:\/\/www.fiamitalia.it\/fr\/wp-json\/wp\/v2\/pages"}],"about":[{"href":"https:\/\/www.fiamitalia.it\/fr\/wp-json\/wp\/v2\/types\/page"}],"author":[{"embeddable":true,"href":"https:\/\/www.fiamitalia.it\/fr\/wp-json\/wp\/v2\/users\/1"}],"replies":[{"embeddable":true,"href":"https:\/\/www.fiamitalia.it\/fr\/wp-json\/wp\/v2\/comments?post=27102"}],"version-history":[{"count":17,"href":"https:\/\/www.fiamitalia.it\/fr\/wp-json\/wp\/v2\/pages\/27102\/revisions"}],"predecessor-version":[{"id":49759,"href":"https:\/\/www.fiamitalia.it\/fr\/wp-json\/wp\/v2\/pages\/27102\/revisions\/49759"}],"wp:attachment":[{"href":"https:\/\/www.fiamitalia.it\/fr\/wp-json\/wp\/v2\/media?parent=27102"}],"curies":[{"name":"wp","href":"https:\/\/api.w.org\/{rel}","templated":true}]}}